{"id":141,"date":"2022-06-05T13:41:16","date_gmt":"2022-06-05T11:41:16","guid":{"rendered":"http:\/\/www.manekinekoparis.fr\/?page_id=141"},"modified":"2024-09-25T11:11:26","modified_gmt":"2024-09-25T09:11:26","slug":"temoignages","status":"publish","type":"page","link":"https:\/\/www.manekinekoparis.fr\/index.php\/temoignages\/","title":{"rendered":"T\u00e9moignages"},"content":{"rendered":"\n<p>Avant de d\u00e9couvrir les cours particuliers avec A\u00efm\u00e9-san, j\u2019ai suivi des cours dans une \u00e9cole de langue pendant un an. La diff\u00e9rence a \u00e9t\u00e9 imm\u00e9diatement frappante. Contrairement \u00e0 l\u2019\u00e9cole de langue, o\u00f9 les cours sont souvent g\u00e9n\u00e9ralistes et con\u00e7us pour un grand groupe d&#8217;\u00e9l\u00e8ves, A\u00efm\u00e9-san adaptait chaque le\u00e7on \u00e0 mes besoins sp\u00e9cifiques et fournissait un travail de pr\u00e9paration en amont remarquable avant chaque cours. Tandis que j\u2019avais l\u2019impression de stagner en \u00e9cole de langues, son approche personnalis\u00e9e m\u2019a permis de progresser beaucoup plus rapidement. Nous pouvions avancer \u00e0 mon rythme, approfondir les points que je trouvais plus difficiles, et explorer des aspects de la langue qui m\u2019int\u00e9ressent particuli\u00e8rement, comme la culture japonaise ou du vocabulaire pr\u00e9cis. De plus, les \u00e9changes sont beaucoup plus interactifs, ce qui m\u2019a donn\u00e9 plus de confiance pour m\u2019exprimer en japonais. Je recommande vivement les cours avec A\u00efm\u00e9-san \u00e0 toute personne cherchant une m\u00e9thode plus flexible et efficace que celle propos\u00e9e en \u00e9cole de langue. <strong>(Mona, 24 ans)<\/strong><\/p>\n\n\n\n<p>A\u00efm\u00e9 m\u2019est d\u2019une aide cruciale dans mon apprentissage de la langue japonaise. Devant acqu\u00e9rir rapidement un niveau oral convenable avant de partir au Japon, elle a su parfaitement s\u2019adapter \u00e0 ma demande. Elle m\u2019enseigne la langue avec clart\u00e9, passion et bonne humeur, on ne voit jamais le temps passer ! Tout est tr\u00e8s bien expliqu\u00e9 et toujours accompagn\u00e9 d\u2019anecdotes int\u00e9ressantes gr\u00e2ce \u00e0 sa culture du pays d\u00e9bordante. Elle m\u2019a aussi propos\u00e9 plusieurs fois des cours de cuisine avec d\u2019autres \u00e9l\u00e8ves pour nous plonger encore plus dans la culture nippone (on s\u2019est r\u00e9gal\u00e9s !) En bref, apprendre avec A\u00efm\u00e9 est un plaisir, un vrai coup de c\u0153ur que je ne peux que vous recommander ! <strong>(J\u00e9r\u00e9my,&nbsp;23&nbsp;ans)<\/strong><\/p>\n\n\n\n<p>Avec A\u00efm\u00e9, on apprend le japonais facilement et agr\u00e9ablement. Avec ses activit\u00e9 super et parfois excellentes comme la cuisine (de sp\u00e9cialit\u00e9s japonaises), je ne m\u2019ennuie jamais pendant ses cours. Gr\u00e2ce \u00e0 son enseignement, j\u2019ai pu passer l\u2019examen national JLPT N5 de japonais ! <strong>(Charles,&nbsp;14&nbsp;ans)<\/strong><\/p>\n\n\n\n<p>Je recommande sinc\u00e8rement les cours d\u2019A\u00efm\u00e9 qui a su cibler mes probl\u00e8mes de grammaire et d\u2019\u00e9criture. Gr\u00e2ce \u00e0 elle j\u2019ai obtenu le JLPT niveau 5 ce mois de d\u00e9cembre avec une super pr\u00e9paration. J\u2019ai progress\u00e9 autant \u00e0 l\u2019oral qu\u2019\u00e0 l\u2019\u00e9crit &nbsp;et les cours sont toujours aussi dynamiques. Elle fait des ateliers de cuisine pour tous les go\u00fbts (bent\u014d, okonomiyaki, sushi\u2026 ) et s\u2019adapte \u00e0 toutes nos envies et nos besoins dans ses cours (histoire du Japon, sujets d\u2019actualit\u00e9, f\u00eates traditionnelles\u2026 ). Elle prend le temps d\u2019expliquer l\u2019histoire de chaque kanji et nous fait r\u00e9guli\u00e8rement des dict\u00e9es et des lectures adapt\u00e9es \u00e0 mon niveau. Professeure tr\u00e8s investie et tr\u00e8s vive, que je conseille fortement. <strong>(Anastasia,&nbsp;18&nbsp;ans)<\/strong><\/p>\n\n\n\n<p>A\u00efm\u00e9 sait motiver ses \u00e9l\u00e8ves, les faire progresser en respectant leur rythme et en int\u00e9grant les aspects culturels. Dans le registre culinaire, je recommande ses <em>mochi<\/em> \u00e0 l&#8217;orange ! <strong>(Pascal,&nbsp;45&nbsp;ans)<\/strong><\/p>\n\n\n\n<p>Je suis un jeune \u00e9l\u00e8ve d&#8217;A\u00efm\u00e9 depuis plusieurs ann\u00e9es : j&#8217;ai 13 ans. Cette professeure est tr\u00e8s ouverte aux \u00e9l\u00e8ves de tout \u00e2ge, et je lui suis reconnaissant. En effet, je peux lui demander une tr\u00e8s grande vari\u00e9t\u00e9 de sujets (mangas, cuisine, th\u00e9\u00e2tre japonais). Je n&#8217;ai pas besoin de venir chez elle, c&#8217;est elle qui vient chez moi, ce qui me facilite beaucoup la vie car j&#8217;ai \u00e9cole. Une tr\u00e8s bonne professeure, \u00e0 conseiller. <strong>(Maxime,&nbsp;13&nbsp;ans)<\/strong><\/p>\n\n\n\n<p>J&#8217;\u00e9tudie le japonais depuis plusieurs ann\u00e9es avec A\u00efm\u00e9. Sa double culture est un vrai plus : parfaitement bilingue, elle sait comprendre les difficult\u00e9s rencontr\u00e9es par les francophones tout en nous immergeant dans les diff\u00e9rents aspects de la culture japonaise (musique, manga, cuisine, th\u00e9\u00e2tre, mythologie, etc.) Une super prof \u00e0 conseiller sans h\u00e9sitation pour apprendre la langue et, au-del\u00e0, comprendre et appr\u00e9cier cette culture si diff\u00e9rente de la n\u00f4tre. <strong>(K\u00e9vin,&nbsp;27&nbsp;ans)<\/strong><\/p>\n\n\n\n<p>A\u00efm\u00e9 est tr\u00e8s investie dans son travail. Elle fait des cours personnalis\u00e9s et tr\u00e8s motivants. Elle s&#8217;investit toujours \u00e0 fond et elle est tr\u00e8s dr\u00f4le et attentionn\u00e9e. C&#8217;est un vrai plaisir d&#8217;apprendre avec A\u00efm\u00e9 ! <strong>(Jeanne,&nbsp;11&nbsp;ans)<\/strong><\/p>\n\n\n\n<p><br><\/p>\n","protected":false},"excerpt":{"rendered":"<p>Avant de d\u00e9couvrir les cours particuliers avec A\u00efm\u00e9-san, j\u2019ai suivi des cours dans une \u00e9cole de langue pendant un an. La diff\u00e9rence a \u00e9t\u00e9 imm\u00e9diatement frappante. Contrairement \u00e0 l\u2019\u00e9cole de langue, o\u00f9 les cours sont souvent g\u00e9n\u00e9ralistes et con\u00e7us pour un grand groupe d&#8217;\u00e9l\u00e8ves, A\u00efm\u00e9-san adaptait chaque le\u00e7on \u00e0 mes besoins sp\u00e9cifiques et fournissait un &hellip; <\/p>\n<p class=\"link-more\"><a href=\"https:\/\/www.manekinekoparis.fr\/index.php\/temoignages\/\" class=\"more-link\">Continue reading<span class=\"screen-reader-text\"> &#8220;T\u00e9moignages&#8221;<\/span><\/a><\/p>\n","protected":false},"author":1,"featured_media":0,"parent":0,"menu_order":0,"comment_status":"closed","ping_status":"closed","template":"","meta":{"footnotes":""},"class_list":["post-141","page","type-page","status-publish","hentry"],"_links":{"self":[{"href":"https:\/\/www.manekinekoparis.fr\/index.php\/wp-json\/wp\/v2\/pages\/141"}],"collection":[{"href":"https:\/\/www.manekinekoparis.fr\/index.php\/wp-json\/wp\/v2\/pages"}],"about":[{"href":"https:\/\/www.manekinekoparis.fr\/index.php\/wp-json\/wp\/v2\/types\/page"}],"author":[{"embeddable":true,"href":"https:\/\/www.manekinekoparis.fr\/index.php\/wp-json\/wp\/v2\/users\/1"}],"replies":[{"embeddable":true,"href":"https:\/\/www.manekinekoparis.fr\/index.php\/wp-json\/wp\/v2\/comments?post=141"}],"version-history":[{"count":7,"href":"https:\/\/www.manekinekoparis.fr\/index.php\/wp-json\/wp\/v2\/pages\/141\/revisions"}],"predecessor-version":[{"id":173,"href":"https:\/\/www.manekinekoparis.fr\/index.php\/wp-json\/wp\/v2\/pages\/141\/revisions\/173"}],"wp:attachment":[{"href":"https:\/\/www.manekinekoparis.fr\/index.php\/wp-json\/wp\/v2\/media?parent=141"}],"curies":[{"name":"wp","href":"https:\/\/api.w.org\/{rel}","templated":true}]}}